{"id":3216,"date":"2017-09-12T11:53:01","date_gmt":"2017-09-12T11:53:01","guid":{"rendered":"http:\/\/www.comunidadcalatayud.com\/?page_id=3216"},"modified":"2023-11-14T10:52:08","modified_gmt":"2023-11-14T10:52:08","slug":"comision-de-bienestar-social","status":"publish","type":"page","link":"https:\/\/www.comunidadcalatayud.com\/index.php\/comarca\/comisiones-informativas\/comision-de-bienestar-social\/","title":{"rendered":"Comisi\u00f3n de Bienestar Social"},"content":{"rendered":"<div class=\"grid\">\n<article class=\"column span-9\">\n<ul>\n<li><strong>PRESIDENTE<\/strong>: Miguel \u00c1ngel Polo L\u00f3pez (PP)<\/li>\n<li>Mar\u00eda Carmen Hern\u00e1ndez Moros (PP)<\/li>\n<li>Raquel L\u00f3pez Grima (PP)<\/li>\n<li>Tania Pr\u00e1danos Cig\u00fcela (PP)<\/li>\n<li>Miguel Angel Gimeno Garc\u00eda (PP)<\/li>\n<li>Eva Mar\u00eda Pe\u00f1a Larriba (PSOE)<\/li>\n<li>Mar\u00eda Sandra Mar\u00edn Garc\u00eda (PSOE)<\/li>\n<li>Carmen Pablo Tura (PSOE)<\/li>\n<li>Albero Espa\u00f1a G\u00f3mara (PSOE)<\/li>\n<li>Jos\u00e9 F\u00e9lix Lajusticia Rubio (PAR)<\/li>\n<li>Silvia Molina San Juan (CS-TU ARAGON)<\/li>\n<li>Mar\u00eda Pilar Delgado Anglada (VOX)<\/li>\n<li>Noelia S\u00e1nchez Gil (CHA)<\/li>\n<\/ul>\n<\/article>\n<div class=\"column span-3 pull-right sidebar\">\n<!-- Widget Shortcode --><div id=\"nav_menu-3\" class=\"widget widget_nav_menu widget-shortcode area-otw-sidebar-1 \"><h2 class=\"widgettitle\">Comarca<\/h2><div class=\"menu-menu-comarca-container\"><ul id=\"menu-menu-comarca\" class=\"menu\"><li id=\"menu-item-2727\" class=\"menu-item menu-item-type-post_type menu-item-object-page menu-item-2727\"><a href=\"https:\/\/www.comunidadcalatayud.com\/index.php\/comarca\/\">La Instituci\u00f3n de La Comarca<\/a><\/li>\n<li id=\"menu-item-2769\" class=\"menu-item menu-item-type-post_type menu-item-object-page menu-item-2769\"><a href=\"https:\/\/www.comunidadcalatayud.com\/index.php\/comarca\/saludo\/\">Saludo del Presidente<\/a><\/li>\n<li id=\"menu-item-2821\" class=\"menu-item menu-item-type-post_type menu-item-object-page menu-item-2821\"><a href=\"https:\/\/www.comunidadcalatayud.com\/index.php\/comarca\/consejo\/\">Consejo<\/a><\/li>\n<li id=\"menu-item-2820\" class=\"menu-item menu-item-type-post_type menu-item-object-page menu-item-2820\"><a href=\"https:\/\/www.comunidadcalatayud.com\/index.php\/comarca\/comision-de-gobierno\/\">Comisi\u00f3n de Gobierno<\/a><\/li>\n<li id=\"menu-item-2864\" class=\"menu-item menu-item-type-post_type menu-item-object-page menu-item-2864\"><a href=\"https:\/\/www.comunidadcalatayud.com\/index.php\/comarca\/comisiones-informativas\/\">Comisiones Informativas<\/a><\/li>\n<li id=\"menu-item-3578\" class=\"menu-item menu-item-type-post_type menu-item-object-page menu-item-3578\"><a href=\"https:\/\/www.comunidadcalatayud.com\/index.php\/areas\/\">\u00c1reas<\/a><\/li>\n<li id=\"menu-item-2863\" class=\"menu-item menu-item-type-post_type menu-item-object-page menu-item-2863\"><a href=\"https:\/\/www.comunidadcalatayud.com\/index.php\/comarca\/normativa\/\">Normativa<\/a><\/li>\n<li id=\"menu-item-4650\" class=\"menu-item menu-item-type-post_type menu-item-object-page menu-item-4650\"><a href=\"https:\/\/www.comunidadcalatayud.com\/index.php\/comarca\/telefonos-de-interes\/\">Tel\u00e9fonos de inter\u00e9s<\/a><\/li>\n<\/ul><\/div><\/div><!-- \/Widget Shortcode -->\n<\/div>\n<\/div>\n","protected":false},"excerpt":{"rendered":"<p class=\"excerpt\">PRESIDENTE: Miguel \u00c1ngel Polo L\u00f3pez (PP) Mar\u00eda Carmen Hern\u00e1ndez Moros (PP) Raquel L\u00f3pez Grima (PP) Tania Pr\u00e1danos Cig\u00fcela (PP) Miguel Angel Gimeno Garc\u00eda (PP) Eva Mar\u00eda Pe\u00f1a Larriba (PSOE) Mar\u00eda Sandra Mar\u00edn Garc\u00eda (PSOE) Carmen Pablo Tura (PSOE) Albero Espa\u00f1a G\u00f3mara (PSOE) Jos\u00e9 F\u00e9lix Lajusticia Rubio (PAR) Silvia Molina San Juan (CS-TU ARAGON) Mar\u00eda Pilar [&hellip;]<\/p>\n","protected":false},"author":1,"featured_media":0,"parent":2822,"menu_order":1,"comment_status":"closed","ping_status":"closed","template":"","meta":{"footnotes":""},"class_list":["post-3216","page","type-page","status-publish","hentry"],"_links":{"self":[{"href":"https:\/\/www.comunidadcalatayud.com\/index.php\/wp-json\/wp\/v2\/pages\/3216","targetHints":{"allow":["GET"]}}],"collection":[{"href":"https:\/\/www.comunidadcalatayud.com\/index.php\/wp-json\/wp\/v2\/pages"}],"about":[{"href":"https:\/\/www.comunidadcalatayud.com\/index.php\/wp-json\/wp\/v2\/types\/page"}],"author":[{"embeddable":true,"href":"https:\/\/www.comunidadcalatayud.com\/index.php\/wp-json\/wp\/v2\/users\/1"}],"replies":[{"embeddable":true,"href":"https:\/\/www.comunidadcalatayud.com\/index.php\/wp-json\/wp\/v2\/comments?post=3216"}],"version-history":[{"count":12,"href":"https:\/\/www.comunidadcalatayud.com\/index.php\/wp-json\/wp\/v2\/pages\/3216\/revisions"}],"predecessor-version":[{"id":9653,"href":"https:\/\/www.comunidadcalatayud.com\/index.php\/wp-json\/wp\/v2\/pages\/3216\/revisions\/9653"}],"up":[{"embeddable":true,"href":"https:\/\/www.comunidadcalatayud.com\/index.php\/wp-json\/wp\/v2\/pages\/2822"}],"wp:attachment":[{"href":"https:\/\/www.comunidadcalatayud.com\/index.php\/wp-json\/wp\/v2\/media?parent=3216"}],"curies":[{"name":"wp","href":"https:\/\/api.w.org\/{rel}","templated":true}]}}