{"id":3000,"date":"2017-09-11T11:18:06","date_gmt":"2017-09-11T11:18:06","guid":{"rendered":"http:\/\/www.comunidadcalatayud.com\/?page_id=3000"},"modified":"2017-09-18T09:03:09","modified_gmt":"2017-09-18T09:03:09","slug":"prestaciones","status":"publish","type":"page","link":"https:\/\/www.comunidadcalatayud.com\/index.php\/areas\/accion-social\/prestaciones\/","title":{"rendered":"Prestaciones"},"content":{"rendered":"<div class=\"grid\">\n<article class=\"column span-9\">\n<h3>Servicio de informaci\u00f3n, valoraci\u00f3n, diagn\u00f3stico y orientaci\u00f3n.<\/h3>\n<p>Tiene por objeto: ofrecer a las personas la informaci\u00f3n precisa sobre las prestaciones del sistema p\u00fablico de servicios sociales y de otros sistemas p\u00fablicos orientados al bienestar social; el estudio que permita el an\u00e1lisis individualizado de cada caso (personal, grupal o comunitario), as\u00ed como la evaluaci\u00f3n integral de las necesidades que permitan efectuar cada diagn\u00f3stico concreto; y orientar hacia las prestaciones que resulten m\u00e1s id\u00f3neas elaborando un itinerario individualizado de atenci\u00f3n.<\/p>\n<h3>Servicio de ayuda a domicilio.<\/h3>\n<p>Proporciona un conjunto de atenciones orientadas a facilitar un entorno de convivencia adecuado y tiene como objetivo la prestaci\u00f3n de una serie de atenciones a los individuos y\/o familias en su domicilio. En unos casos para facilitar el desarrollo de las actividades de la vida diaria a aquellas personas con limitaciones de autonom\u00eda personal, con el objeto de evitar, o en su caso retrasar, el ingreso en centros de car\u00e1cter residencial. En otros casos para intervenir en situaciones de conflicto psicofamiliar para alguno de los miembros de la unidad de convivencia.<\/p>\n<h3>Servicio de atenci\u00f3n psicol\u00f3gica.<\/h3>\n<p>Presta un apoyo psicol\u00f3gico especifico a personas que por atravesar una situaci\u00f3n cr\u00edtica necesitan una atenci\u00f3n especial. A trav\u00e9s del servicio se organizan cursos, seminarios y charlas sobre aspectos psicol\u00f3gicos y de inter\u00e9s comarca.<\/p>\n<h3>Servicio de intervenci\u00f3n y mediaci\u00f3n familiar.<\/h3>\n<p>Aporta una intervenci\u00f3n t\u00e9cnica dirigida a orientar, asesorar y dar apoyo a la familia o unidad de convivencia o a alguno de los miembros de la misma, cuando existan situaciones de crisis, riesgo o vulnerabilidad.<\/p>\n<h3>Servicio de apoyo a personas cuidadoras.<\/h3>\n<p>Ofrece formaci\u00f3n, apoyo y sustituci\u00f3n a aquellas personas que se dedican, con car\u00e1cter habitual y sin retribuci\u00f3n, al cuidado de personas con limitaciones en su autonom\u00eda personal, familiar y social.<\/p>\n<h3>Servicio de promoci\u00f3n de la animaci\u00f3n comunitaria y de la participaci\u00f3n.<\/h3>\n<p>Es un conjunto de actuaciones de animaci\u00f3n comunitaria, de fomento y promoci\u00f3n del asociacionismo y su participaci\u00f3n en el desarrollo de la comunidad, y de promoci\u00f3n del voluntariado y ayuda mutua.<\/p>\n<h3>Servicio de atenci\u00f3n de urgencias sociales.<\/h3>\n<p>Conjunto de medidas desarrolladas con objeto de paliar de manera urgente y temporal una situaci\u00f3n de necesidad social, individual o colectiva, originada por circunstancias sobrevenidas.<\/p>\n<h3>Servicio de teleasistencia.<\/h3>\n<p>Ofrece a las personas usuarias la posibilidad de acceder con inmediatez, mediante los recursos tecnol\u00f3gicos adecuados, a los servicios oportunos en situaciones de emergencia o de inseguridad, soledad o aislamiento, y al centro de comunicaci\u00f3n atender y conocer el estado de la persona usuaria.<\/p>\n<h3>Alojamiento temporal.<\/h3>\n<p>Proporciona, con car\u00e1cter temporal, un alojamiento digno y unas condiciones favorables para la convivencia a quienes puedan encontrarse en situaci\u00f3n de carencia de alojamiento, en situaciones excepcionales o emergencias de car\u00e1cter social y de conflictos convivenciales que pongan en peligro la seguridad f\u00edsica o emocional de alguno de los miembros de la unidad de convivencia.<\/p>\n<\/article>\n<div class=\"column span-3 pull-right sidebar\">\n<!-- Widget Shortcode --><div id=\"nav_menu-4\" class=\"widget widget_nav_menu widget-shortcode area-otw-sidebar-3 \"><h2 class=\"widgettitle\">\u00c1reas<\/h2><div class=\"menu-areas-container\"><ul id=\"menu-areas\" class=\"menu\"><li id=\"menu-item-2987\" class=\"menu-item menu-item-type-post_type menu-item-object-page menu-item-2987\"><a href=\"https:\/\/www.comunidadcalatayud.com\/index.php\/areas\/accion-social\/\">Acci\u00f3n Social<\/a><\/li>\n<li id=\"menu-item-2986\" class=\"menu-item menu-item-type-post_type menu-item-object-page menu-item-2986\"><a href=\"https:\/\/www.comunidadcalatayud.com\/index.php\/areas\/cultura\/\">Cultura<\/a><\/li>\n<li id=\"menu-item-2985\" class=\"menu-item menu-item-type-post_type menu-item-object-page menu-item-2985\"><a href=\"https:\/\/www.comunidadcalatayud.com\/index.php\/areas\/deportes\/\">Deportes<\/a><\/li>\n<li id=\"menu-item-2984\" class=\"menu-item menu-item-type-post_type menu-item-object-page menu-item-2984\"><a href=\"https:\/\/www.comunidadcalatayud.com\/index.php\/areas\/medio-ambiente\/\">Medio Ambiente<\/a><\/li>\n<li id=\"menu-item-2983\" class=\"menu-item menu-item-type-post_type menu-item-object-page menu-item-2983\"><a href=\"https:\/\/www.comunidadcalatayud.com\/index.php\/areas\/proteccion-civil\/\">Protecci\u00f3n Civil<\/a><\/li>\n<li id=\"menu-item-2982\" class=\"menu-item menu-item-type-post_type menu-item-object-page menu-item-2982\"><a href=\"https:\/\/www.comunidadcalatayud.com\/index.php\/areas\/turismo\/\">Turismo<\/a><\/li>\n<li id=\"menu-item-2981\" class=\"menu-item menu-item-type-post_type menu-item-object-page menu-item-2981\"><a href=\"https:\/\/www.comunidadcalatayud.com\/index.php\/areas\/juventud\/\">Juventud<\/a><\/li>\n<\/ul><\/div><\/div><!-- \/Widget Shortcode -->\n<\/div>\n<\/div>\n","protected":false},"excerpt":{"rendered":"<p class=\"excerpt\">Servicio de informaci\u00f3n, valoraci\u00f3n, diagn\u00f3stico y orientaci\u00f3n. Tiene por objeto: ofrecer a las personas la informaci\u00f3n precisa sobre las prestaciones del sistema p\u00fablico de servicios sociales y de otros sistemas p\u00fablicos orientados al bienestar social; el estudio que permita el an\u00e1lisis individualizado de cada caso (personal, grupal o comunitario), as\u00ed como la evaluaci\u00f3n integral de [&hellip;]<\/p>\n","protected":false},"author":1,"featured_media":0,"parent":2941,"menu_order":1,"comment_status":"closed","ping_status":"closed","template":"","meta":{"footnotes":""},"class_list":["post-3000","page","type-page","status-publish","hentry"],"_links":{"self":[{"href":"https:\/\/www.comunidadcalatayud.com\/index.php\/wp-json\/wp\/v2\/pages\/3000","targetHints":{"allow":["GET"]}}],"collection":[{"href":"https:\/\/www.comunidadcalatayud.com\/index.php\/wp-json\/wp\/v2\/pages"}],"about":[{"href":"https:\/\/www.comunidadcalatayud.com\/index.php\/wp-json\/wp\/v2\/types\/page"}],"author":[{"embeddable":true,"href":"https:\/\/www.comunidadcalatayud.com\/index.php\/wp-json\/wp\/v2\/users\/1"}],"replies":[{"embeddable":true,"href":"https:\/\/www.comunidadcalatayud.com\/index.php\/wp-json\/wp\/v2\/comments?post=3000"}],"version-history":[{"count":6,"href":"https:\/\/www.comunidadcalatayud.com\/index.php\/wp-json\/wp\/v2\/pages\/3000\/revisions"}],"predecessor-version":[{"id":3834,"href":"https:\/\/www.comunidadcalatayud.com\/index.php\/wp-json\/wp\/v2\/pages\/3000\/revisions\/3834"}],"up":[{"embeddable":true,"href":"https:\/\/www.comunidadcalatayud.com\/index.php\/wp-json\/wp\/v2\/pages\/2941"}],"wp:attachment":[{"href":"https:\/\/www.comunidadcalatayud.com\/index.php\/wp-json\/wp\/v2\/media?parent=3000"}],"curies":[{"name":"wp","href":"https:\/\/api.w.org\/{rel}","templated":true}]}}