{"id":2944,"date":"2017-09-11T08:36:23","date_gmt":"2017-09-11T08:36:23","guid":{"rendered":"http:\/\/www.comunidadcalatayud.com\/?page_id=2944"},"modified":"2018-04-16T12:31:58","modified_gmt":"2018-04-16T12:31:58","slug":"cultura","status":"publish","type":"page","link":"https:\/\/www.comunidadcalatayud.com\/index.php\/areas\/cultura\/","title":{"rendered":"Cultura"},"content":{"rendered":"<div class=\"grid\">\n<article class=\"column span-9 enlaces\">La cultura es una de las competencias pertenecientes a las Comarcas, y desde la Comarca de la Comunidad de Calatayud se pretende dinamizar las actividades culturales en todos sus municipios, independientemente del n\u00famero de habitantes o las caracter\u00edsticas de estos, intentando llegar cada a\u00f1o a un mayor n\u00famero de poblaci\u00f3n.Para la promoci\u00f3n de la Cultura durante este a\u00f1o se ha realizado el <strong>Circuito Cultural Comarcal<\/strong> en el que una vez elaborado el Cat\u00e1logo Comarcal con los distintos grupos residentes en la Comarca y que pertenecen al teatro, coral , grupos musicales o pertenecientes al folklore tradicional, se convocaron una serie de ayudas para la contrataci\u00f3n de los mismos.<\/p>\n<ul>\n<li><a href=\"http:\/\/www.comunidadcalatayud.com\/wp-content\/uploads\/2018\/04\/CATALOGO-DEFINITIVO.pdf\">Cat\u00e1logo\u00a0del\u00a0Circuito\u00a0Cultural\u00a0Comarcal\u00a02018<\/a><\/li>\n<\/ul>\n<!-- Widget Shortcode -->\t\t\t\t\t\t<div id=\"layers-widget-ourblog-17\" class=\"widget content-vertical-massive clearfix   \">\n\n\t\t\t\t\n\t\t\t\t\t\t\t\t\t<div class=\"container clearfix\">\n\t\t\t\t\t\t\t\t\t\t\t\t<div class=\"section-title clearfix section-title-wrapper medium text-center \">\n\t\t\t\t\t\t\n\t\t\t\t\t\t\t\t\t\t\t\t\t\t\t<h3 class=\"hadding\">\n\t\t\t\t\t\t\t\t\t\u00daltimas noticias de Cultura\t\t\t\t\t\t\t\t<\/h3>\n\t\t\t\t\t\t\t\t\t\t\t\t\t\t\t\t\t\t\t\t\t\t<p>Conoce las \u00faltimas noticias de este \u00e1rea<\/p>\t\t\t\t\t\t\t\t\t\t\t\t\t<\/div>\n\t\t\t\t\t<\/div>\n\t\t\t\t\t\t\t\t\t\t\t\t\t<div class=\"container\">\n\t\t\t\t\t\n\t\t\t\t\t\t\t\t\t\t\t\t\t\t\t\t\t\t\t\t\t<div class=\"grid blog-style-three bfs\">\n\t\t\t\t\t\t\t\t\t\t<div class=\"blog-carousel carousel-style-one\">\n\t\t\t\t\t\t\t\t \t\t\t\t\t\t\t\t\t\t\n\t\t\t\t\t\t\t\t\n\t\t\t\t\t\t\t\t\t\t\t\n\t\t\t\t\t\t\t\t\t\t\t\t\t\t\t\t\n\t\t\t\t\t\t\t\t\t<div class=\"single-blog-pading column span-3 \" data-cols=\"4\">\t\t\n\t\t\t\t\t\t\t\t\t\t<div class=\"single-blog-item text-center border overlay-hover\">\n\t\t\t\t\t\t\t\t\t\t\t\t\t\t\t\t\t\t\t\t\t<div class=\"single-blog-image\">\n\t\t\t\t\t\t\t\t\t\t\t\t<div class=\"overlay-effect\">\n\t\t\t\t\t\t\t\t\t\t\t\t\t\t\t\t\t\t\t\t\t\t\t\t\t\t\t\t<a href=\"https:\/\/www.comunidadcalatayud.com\/index.php\/2025\/07\/30\/26-actividades-llenaran-nuestras-localidades-en-agosto-con-el-circuito-cultural-comarcal\/\" title=\"26 actividades llenar\u00e1n nuestras localidades en Agosto con el Circuito Cultural Comarcal\">\n\t\t\t\t\t\t\t\t\t\t\t\t\t\t\t<img loading=\"lazy\" decoding=\"async\" width=\"376\" height=\"252\" src=\"https:\/\/www.comunidadcalatayud.com\/wp-content\/uploads\/2025\/07\/ACTIVIDADES-CULTURALES-AGOSTO-1-1-376x252.jpg\" class=\"attachment-hexapro_blog_widget_image size-hexapro_blog_widget_image wp-post-image\" alt=\"\" srcset=\"https:\/\/www.comunidadcalatayud.com\/wp-content\/uploads\/2025\/07\/ACTIVIDADES-CULTURALES-AGOSTO-1-1-376x252.jpg 376w, https:\/\/www.comunidadcalatayud.com\/wp-content\/uploads\/2025\/07\/ACTIVIDADES-CULTURALES-AGOSTO-1-1-110x73.jpg 110w\" sizes=\"auto, (max-width: 376px) 100vw, 376px\" \/>\t\t\t\t\t\t\t\t\t\t\t\t\t\t\t\t\n\t\t\t\t\t\t\t\t\t\t\t\t\t\t\t\n\t\t\t\t\t\t\t\t\t\t\t\t\t\t\t<\/a>\n\t\t\t\t\t\t\t\t\t\t\t\t\t\t\n\t\t\t\t\t\t\t\t\t\t\t\t<\/div>\n\t\t\t\t\t\t\t\t\t\t\t<\/div>\n\t\t\t\t\t\t\t\t\t\t\t\t\t\t\t\t\t\t\t\t\t\n\t\t\t\t\t\t\t\t\t\t\t\t\t\t\t\t\t\t\t\t\t\t<div class=\"single-blog-text wb\">\n\t\t\t\t\t\t\t\t\t\t\t\t \t\t\t\t\t\t\t\t\t\t\t\t\t\t<h4><a href=\"https:\/\/www.comunidadcalatayud.com\/index.php\/2025\/07\/30\/26-actividades-llenaran-nuestras-localidades-en-agosto-con-el-circuito-cultural-comarcal\/\">26 actividades llenar\u00e1n nuestras localidades en Agosto con el Circuito Cultural Comarcal<\/a><\/h4>\n\t\t\t\t\t\t\t\t\t\t\t\t\t\t\t\t\t\t\t\t\t\t\t\t<p>\n\t\t\t\t\t\t\t\t\t\t\t\t\tLa Comarca Comunidad de Calatayud calienta motores para un mes de agosto repleto de propuestas culturales pensadas para todos los p\u00fablicos. En total, ser\u00e1n 26 escenarios repartidos por todo el terri&#8230;\t\n\t\t\t\t\t\t\t\t\t\t\t\t<\/p>\n\t\t\t\t\t\t\t\t\t\t\t\t<a href=\"https:\/\/www.comunidadcalatayud.com\/index.php\/2025\/07\/30\/26-actividades-llenaran-nuestras-localidades-en-agosto-con-el-circuito-cultural-comarcal\/\">Read more.<\/a>\n\t\t\t\t\t\t\t\t\t\t\t<\/div>\n\t\t\t\t\t\t\t\t\t\t\t\t\n\t\t\t\t\t\t\t\t\t\t<\/div>\n\t\t\t\t\t\t\t\t\t<\/div>\t\t\t\n\t\t\t\t\t\t\t\t\t\t\t\n\t\t\t\t\t\t\t\t\t\t\t\n\t\t\t\t\t\t\t\t\t\t\t\t\t\t\t\t\n\t\t\t\t\t\t\t\t\t<div class=\"single-blog-pading column span-3 \" data-cols=\"4\">\t\t\n\t\t\t\t\t\t\t\t\t\t<div class=\"single-blog-item text-center border overlay-hover\">\n\t\t\t\t\t\t\t\t\t\t\t\t\t\t\t\t\t\t\t\t\t<div class=\"single-blog-image\">\n\t\t\t\t\t\t\t\t\t\t\t\t<div class=\"overlay-effect\">\n\t\t\t\t\t\t\t\t\t\t\t\t\t\t\t\t\t\t\t\t\t\t\t\t\t\t\t\t<a href=\"https:\/\/www.comunidadcalatayud.com\/index.php\/2025\/06\/18\/bases-convocatoria-de-ayudas-a-entidades-sin-animo-de-lucro-de-la-comarca-comunidad-de-calatayud-para-promocion-y-fomento-de-la-cultura-2-2\/\" title=\"BASES\u00a0 CONVOCATORIA DE AYUDAS A ENTIDADES SIN \u00c1NIMO DE LUCRO DE LA COMARCA COMUNIDAD DE CALATAYUD PARA PROMOCI\u00d3N Y FOMENTO DE LA CULTURA\">\n\t\t\t\t\t\t\t\t\t\t\t\t\t\t\t<img loading=\"lazy\" decoding=\"async\" width=\"376\" height=\"252\" src=\"https:\/\/www.comunidadcalatayud.com\/wp-content\/uploads\/2017\/12\/logo-para-web-376x252.jpg\" class=\"attachment-hexapro_blog_widget_image size-hexapro_blog_widget_image wp-post-image\" alt=\"\" srcset=\"https:\/\/www.comunidadcalatayud.com\/wp-content\/uploads\/2017\/12\/logo-para-web-376x252.jpg 376w, https:\/\/www.comunidadcalatayud.com\/wp-content\/uploads\/2017\/12\/logo-para-web-300x200.jpg 300w, https:\/\/www.comunidadcalatayud.com\/wp-content\/uploads\/2017\/12\/logo-para-web-600x400.jpg 600w, https:\/\/www.comunidadcalatayud.com\/wp-content\/uploads\/2017\/12\/logo-para-web-110x73.jpg 110w, https:\/\/www.comunidadcalatayud.com\/wp-content\/uploads\/2017\/12\/logo-para-web-e1513449705513.jpg 400w\" sizes=\"auto, (max-width: 376px) 100vw, 376px\" \/>\t\t\t\t\t\t\t\t\t\t\t\t\t\t\t\t\n\t\t\t\t\t\t\t\t\t\t\t\t\t\t\t\n\t\t\t\t\t\t\t\t\t\t\t\t\t\t\t<\/a>\n\t\t\t\t\t\t\t\t\t\t\t\t\t\t\n\t\t\t\t\t\t\t\t\t\t\t\t<\/div>\n\t\t\t\t\t\t\t\t\t\t\t<\/div>\n\t\t\t\t\t\t\t\t\t\t\t\t\t\t\t\t\t\t\t\t\t\n\t\t\t\t\t\t\t\t\t\t\t\t\t\t\t\t\t\t\t\t\t\t<div class=\"single-blog-text wb\">\n\t\t\t\t\t\t\t\t\t\t\t\t \t\t\t\t\t\t\t\t\t\t\t\t\t\t<h4><a href=\"https:\/\/www.comunidadcalatayud.com\/index.php\/2025\/06\/18\/bases-convocatoria-de-ayudas-a-entidades-sin-animo-de-lucro-de-la-comarca-comunidad-de-calatayud-para-promocion-y-fomento-de-la-cultura-2-2\/\">BASES\u00a0 CONVOCATORIA DE AYUDAS A ENTIDADES SIN \u00c1NIMO DE LUCRO DE LA COMARCA COMUNIDAD DE CALATAYUD PARA PROMOCI\u00d3N Y FOMENTO DE LA CULTURA<\/a><\/h4>\n\t\t\t\t\t\t\t\t\t\t\t\t\t\t\t\t\t\t\t\t\t\t\t\t<p>\n\t\t\t\t\t\t\t\t\t\t\t\t\tBASES\u00a0 CONVOCATORIA DE AYUDAS A ENTIDADES SIN \u00c1NIMO DE LUCRO DE LA COMARCA COMUNIDAD DE CALATAYUD PARA PROMOCI\u00d3N Y FOMENTO DE LA CULTURA 2025 La Comarca Comunidad de Calatayud ha convocado sus ayud&#8230;\t\n\t\t\t\t\t\t\t\t\t\t\t\t<\/p>\n\t\t\t\t\t\t\t\t\t\t\t\t<a href=\"https:\/\/www.comunidadcalatayud.com\/index.php\/2025\/06\/18\/bases-convocatoria-de-ayudas-a-entidades-sin-animo-de-lucro-de-la-comarca-comunidad-de-calatayud-para-promocion-y-fomento-de-la-cultura-2-2\/\">Read more.<\/a>\n\t\t\t\t\t\t\t\t\t\t\t<\/div>\n\t\t\t\t\t\t\t\t\t\t\t\t\n\t\t\t\t\t\t\t\t\t\t<\/div>\n\t\t\t\t\t\t\t\t\t<\/div>\t\t\t\n\t\t\t\t\t\t\t\t\t\t\t\n\t\t\t\t\t\t\t\t\t\t\t\n\t\t\t\t\t\t\t\t\t\t\t\t\t\t\t\t\n\t\t\t\t\t\t\t\t\t<div class=\"single-blog-pading column span-3 \" data-cols=\"4\">\t\t\n\t\t\t\t\t\t\t\t\t\t<div class=\"single-blog-item text-center border overlay-hover\">\n\t\t\t\t\t\t\t\t\t\t\t\t\t\t\t\t\t\t\t\t\t<div class=\"single-blog-image\">\n\t\t\t\t\t\t\t\t\t\t\t\t<div class=\"overlay-effect\">\n\t\t\t\t\t\t\t\t\t\t\t\t\t\t\t\t\t\t\t\t\t\t\t\t\t\t\t\t<a href=\"https:\/\/www.comunidadcalatayud.com\/index.php\/2024\/04\/12\/bases-convocatoria-de-ayudas-a-entidades-sin-animo-de-lucro-de-la-comarca-comunidad-de-calatayud-para-promocion-y-fomento-de-la-cultura-2\/\" title=\"BASES\u00a0 CONVOCATORIA DE AYUDAS A ENTIDADES SIN \u00c1NIMO DE LUCRO DE LA COMARCA COMUNIDAD DE CALATAYUD PARA PROMOCI\u00d3N Y FOMENTO DE LA CULTURA\">\n\t\t\t\t\t\t\t\t\t\t\t\t\t\t\t<img loading=\"lazy\" decoding=\"async\" width=\"376\" height=\"252\" src=\"https:\/\/www.comunidadcalatayud.com\/wp-content\/uploads\/2017\/12\/logo-para-web-376x252.jpg\" class=\"attachment-hexapro_blog_widget_image size-hexapro_blog_widget_image wp-post-image\" alt=\"\" srcset=\"https:\/\/www.comunidadcalatayud.com\/wp-content\/uploads\/2017\/12\/logo-para-web-376x252.jpg 376w, https:\/\/www.comunidadcalatayud.com\/wp-content\/uploads\/2017\/12\/logo-para-web-300x200.jpg 300w, https:\/\/www.comunidadcalatayud.com\/wp-content\/uploads\/2017\/12\/logo-para-web-600x400.jpg 600w, https:\/\/www.comunidadcalatayud.com\/wp-content\/uploads\/2017\/12\/logo-para-web-110x73.jpg 110w, https:\/\/www.comunidadcalatayud.com\/wp-content\/uploads\/2017\/12\/logo-para-web-e1513449705513.jpg 400w\" sizes=\"auto, (max-width: 376px) 100vw, 376px\" \/>\t\t\t\t\t\t\t\t\t\t\t\t\t\t\t\t\n\t\t\t\t\t\t\t\t\t\t\t\t\t\t\t\n\t\t\t\t\t\t\t\t\t\t\t\t\t\t\t<\/a>\n\t\t\t\t\t\t\t\t\t\t\t\t\t\t\n\t\t\t\t\t\t\t\t\t\t\t\t<\/div>\n\t\t\t\t\t\t\t\t\t\t\t<\/div>\n\t\t\t\t\t\t\t\t\t\t\t\t\t\t\t\t\t\t\t\t\t\n\t\t\t\t\t\t\t\t\t\t\t\t\t\t\t\t\t\t\t\t\t\t<div class=\"single-blog-text wb\">\n\t\t\t\t\t\t\t\t\t\t\t\t \t\t\t\t\t\t\t\t\t\t\t\t\t\t<h4><a href=\"https:\/\/www.comunidadcalatayud.com\/index.php\/2024\/04\/12\/bases-convocatoria-de-ayudas-a-entidades-sin-animo-de-lucro-de-la-comarca-comunidad-de-calatayud-para-promocion-y-fomento-de-la-cultura-2\/\">BASES\u00a0 CONVOCATORIA DE AYUDAS A ENTIDADES SIN \u00c1NIMO DE LUCRO DE LA COMARCA COMUNIDAD DE CALATAYUD PARA PROMOCI\u00d3N Y FOMENTO DE LA CULTURA<\/a><\/h4>\n\t\t\t\t\t\t\t\t\t\t\t\t\t\t\t\t\t\t\t\t\t\t\t\t<p>\n\t\t\t\t\t\t\t\t\t\t\t\t\tBASES\u00a0 CONVOCATORIA DE AYUDAS A ENTIDADES SIN \u00c1NIMO DE LUCRO DE LA COMARCA COMUNIDAD DE CALATAYUD PARA PROMOCI\u00d3N Y FOMENTO DE LA CULTURA 2024 La Comarca Comunidad de Calatayud ha convocado sus ayud&#8230;\t\n\t\t\t\t\t\t\t\t\t\t\t\t<\/p>\n\t\t\t\t\t\t\t\t\t\t\t\t<a href=\"https:\/\/www.comunidadcalatayud.com\/index.php\/2024\/04\/12\/bases-convocatoria-de-ayudas-a-entidades-sin-animo-de-lucro-de-la-comarca-comunidad-de-calatayud-para-promocion-y-fomento-de-la-cultura-2\/\">Read more.<\/a>\n\t\t\t\t\t\t\t\t\t\t\t<\/div>\n\t\t\t\t\t\t\t\t\t\t\t\t\n\t\t\t\t\t\t\t\t\t\t<\/div>\n\t\t\t\t\t\t\t\t\t<\/div>\t\t\t\n\t\t\t\t\t\t\t\t\t\t\t\n\t\t\t\t\t\t\t\t\t\t\t\n\t\t\t\t\t\t\t\t\t\t\t\t\t\t\t\t\n\t\t\t\t\t\t\t\t\t<div class=\"single-blog-pading column span-3 \" data-cols=\"4\">\t\t\n\t\t\t\t\t\t\t\t\t\t<div class=\"single-blog-item text-center border overlay-hover\">\n\t\t\t\t\t\t\t\t\t\t\t\t\t\t\t\t\t\t\t\t\t<div class=\"single-blog-image\">\n\t\t\t\t\t\t\t\t\t\t\t\t<div class=\"overlay-effect\">\n\t\t\t\t\t\t\t\t\t\t\t\t\t\t\t\t\t\t\t\t\t\t\t\t\t\t\t\t<a href=\"https:\/\/www.comunidadcalatayud.com\/index.php\/2023\/06\/16\/recetario-legado-andalusi\/\" title=\"RECETARIO LEGADO ANDALUS\u00cd\">\n\t\t\t\t\t\t\t\t\t\t\t\t\t\t\t<img loading=\"lazy\" decoding=\"async\" width=\"376\" height=\"252\" src=\"https:\/\/www.comunidadcalatayud.com\/wp-content\/uploads\/2023\/06\/portada-recetario-376x252.jpg\" class=\"attachment-hexapro_blog_widget_image size-hexapro_blog_widget_image wp-post-image\" alt=\"\" srcset=\"https:\/\/www.comunidadcalatayud.com\/wp-content\/uploads\/2023\/06\/portada-recetario-376x252.jpg 376w, https:\/\/www.comunidadcalatayud.com\/wp-content\/uploads\/2023\/06\/portada-recetario-110x73.jpg 110w\" sizes=\"auto, (max-width: 376px) 100vw, 376px\" \/>\t\t\t\t\t\t\t\t\t\t\t\t\t\t\t\t\n\t\t\t\t\t\t\t\t\t\t\t\t\t\t\t\n\t\t\t\t\t\t\t\t\t\t\t\t\t\t\t<\/a>\n\t\t\t\t\t\t\t\t\t\t\t\t\t\t\n\t\t\t\t\t\t\t\t\t\t\t\t<\/div>\n\t\t\t\t\t\t\t\t\t\t\t<\/div>\n\t\t\t\t\t\t\t\t\t\t\t\t\t\t\t\t\t\t\t\t\t\n\t\t\t\t\t\t\t\t\t\t\t\t\t\t\t\t\t\t\t\t\t\t<div class=\"single-blog-text wb\">\n\t\t\t\t\t\t\t\t\t\t\t\t \t\t\t\t\t\t\t\t\t\t\t\t\t\t<h4><a href=\"https:\/\/www.comunidadcalatayud.com\/index.php\/2023\/06\/16\/recetario-legado-andalusi\/\">RECETARIO LEGADO ANDALUS\u00cd<\/a><\/h4>\n\t\t\t\t\t\t\t\t\t\t\t\t\t\t\t\t\t\t\t\t\t\t\t\t<p>\n\t\t\t\t\t\t\t\t\t\t\t\t\tUna de las acciones que se realizaron durante las Jornadas Gastron\u00f3micas del Legado Andalus\u00ed fue la elaboraci\u00f3n de un recetario de cocina con elaboraciones t\u00edpicas de esa \u00e9poca. El recetario ha s&#8230;\t\n\t\t\t\t\t\t\t\t\t\t\t\t<\/p>\n\t\t\t\t\t\t\t\t\t\t\t\t<a href=\"https:\/\/www.comunidadcalatayud.com\/index.php\/2023\/06\/16\/recetario-legado-andalusi\/\">Read more.<\/a>\n\t\t\t\t\t\t\t\t\t\t\t<\/div>\n\t\t\t\t\t\t\t\t\t\t\t\t\n\t\t\t\t\t\t\t\t\t\t<\/div>\n\t\t\t\t\t\t\t\t\t<\/div>\t\t\t\n\t\t\t\t\t\t\t\t\t\t\t\n\t\t\t\t\t\t\t\t\t\t\t\t\t\t\t<\/div><!-- \/carsol -->\n\t\t\t\t\t\t<\/div><!-- \/row -->\t\t\t\t\t\t\n\t\t\t\t\t\t\t\t\t\t\t\t\n\t\t\t\t\t<\/div>\n\t\t\t\t\t\t\t\t\t\t\t\t<style id=\"layers_widget_ourblog_inline_css\" type=\"text\/css\"> \/* INLINE WIDGET CSS *\/\n\t\t\t\t#layers-widget-ourblog-17 { background-repeat: no-repeat;background-position: center;}\n\t\t\t\t<\/style>\t\t\t<\/div>\n\n\t\t\t<!-- \/Widget Shortcode -->\n<\/article>\n<div class=\"column span-3 pull-right sidebar\">\n<!-- Widget Shortcode --><div id=\"nav_menu-4\" class=\"widget widget_nav_menu widget-shortcode area-otw-sidebar-3 \"><h2 class=\"widgettitle\">\u00c1reas<\/h2><div class=\"menu-areas-container\"><ul id=\"menu-areas\" class=\"menu\"><li id=\"menu-item-2987\" class=\"menu-item menu-item-type-post_type menu-item-object-page menu-item-2987\"><a href=\"https:\/\/www.comunidadcalatayud.com\/index.php\/areas\/accion-social\/\">Acci\u00f3n Social<\/a><\/li>\n<li id=\"menu-item-2986\" class=\"menu-item menu-item-type-post_type menu-item-object-page menu-item-2986\"><a href=\"https:\/\/www.comunidadcalatayud.com\/index.php\/areas\/cultura\/\">Cultura<\/a><\/li>\n<li id=\"menu-item-2985\" class=\"menu-item menu-item-type-post_type menu-item-object-page menu-item-2985\"><a href=\"https:\/\/www.comunidadcalatayud.com\/index.php\/areas\/deportes\/\">Deportes<\/a><\/li>\n<li id=\"menu-item-2984\" class=\"menu-item menu-item-type-post_type menu-item-object-page menu-item-2984\"><a href=\"https:\/\/www.comunidadcalatayud.com\/index.php\/areas\/medio-ambiente\/\">Medio Ambiente<\/a><\/li>\n<li id=\"menu-item-2983\" class=\"menu-item menu-item-type-post_type menu-item-object-page menu-item-2983\"><a href=\"https:\/\/www.comunidadcalatayud.com\/index.php\/areas\/proteccion-civil\/\">Protecci\u00f3n Civil<\/a><\/li>\n<li id=\"menu-item-2982\" class=\"menu-item menu-item-type-post_type menu-item-object-page menu-item-2982\"><a href=\"https:\/\/www.comunidadcalatayud.com\/index.php\/areas\/turismo\/\">Turismo<\/a><\/li>\n<li id=\"menu-item-2981\" class=\"menu-item menu-item-type-post_type menu-item-object-page menu-item-2981\"><a href=\"https:\/\/www.comunidadcalatayud.com\/index.php\/areas\/juventud\/\">Juventud<\/a><\/li>\n<\/ul><\/div><\/div><!-- \/Widget Shortcode -->\n<!-- Widget Shortcode --><div id=\"ecwd_widget-8\" class=\"widget widget_ecwd_widget widget-shortcode area-otw-sidebar-5 \"><h2 class=\"widgettitle\">Eventos de Cultura<\/h2><div class=\"ecwd_3187 ecwd_theme_calendar_grey calendar_widget_content calendar_main\"><div class=\"ecwd-widget-mini ecwd_calendar\"><div data-id=\"3187\" data-type=\"widget\" class=\"ecwd-widget-3187\"><div class=\"calendar-head ecwd_calendar_prev_next\"><div class=\"previous\"><a href=\"?date=2026-3&t=mini\" rel=\"noindex, nofollow\"><span><<\/span><\/a><\/div><div class=\"current-month\"><a href=\"?date=2025-4-30&t=mini\" rel=\"noindex, nofollow\"><<\/a>&nbsp;2026&nbsp;<a href=\"?date=2027-4-30&t=mini\" rel=\"noindex, nofollow\">><\/a><div>Abril<\/div><\/div><div class=\"next\"><a href=\"?date=2026-5-15&t=mini\" rel=\"noindex, nofollow\"><span>><\/span><\/a><\/div><input type=\"hidden\" class=\"ecwd_current_link\" value=\"?date=2026-4-30&t=mini\" \/><\/div> <div class=\"ecwd_calendar_view_dropdown cal_tabs_blue\" ><a class=\"ecwd-dropdown-toggle\" data-toggle=\"ecwd-dropdown\">Mes<\/a><div class=\"ecwd-dropdown-menu\"><div class=\"type\"><a href=\"?date=2026-4-30&t=mini\" rel=\"noindex, nofollow\">Mes<\/a><\/div><div class=\"type\"><a href=\"?date=2026-4-30&t=list\" rel=\"noindex, nofollow\">Lista<\/a><\/div><div class=\"type\"><a href=\"?date=2026-4-27&t=week\" rel=\"noindex, nofollow\">Semana<\/a><\/div><div class=\"type\"><a href=\"?date=2026-4-30&t=day\" rel=\"noindex, nofollow\">D\u00eda<\/a><\/div><\/div><\/div><table class=\"ecwd_calendar_container mini cal_blue\" cellpadding=\"0\" cellspacing=\"0\" border=\"0\">                <tr><\/tr><tr><th class=\"normal-day-heading week-start\" data-date=\"\">Lu<\/th><th class=\"normal-day-heading\" data-date=\"\">Ma<\/th><th class=\"normal-day-heading\" data-date=\"\">Mi<\/th><th class=\"normal-day-heading\" data-date=\"\">Ju<\/th><th class=\"normal-day-heading\" data-date=\"\">Vi<\/th><th class=\"normal-day-heading\" data-date=\"\">Sa<\/th><th class=\"normal-day-heading\" data-date=\"\">Do<\/th><\/tr><tr><td class=\"day-without-date week-start no-events\" data-date=\"\">&nbsp;<\/td><td class=\"day-without-date no-events\" data-date=\"\">&nbsp;<\/td><td class=\"day-with-date no-events\" data-date=\"2026-4-1\">1<\/td><td class=\"day-with-date no-events\" data-date=\"2026-4-2\">2<\/td><td class=\"day-with-date no-events\" data-date=\"2026-4-3\">3<\/td><td class=\"day-with-date weekend no-events\" data-date=\"2026-4-4\">4<\/td><td class=\"day-with-date weekend no-events\" data-date=\"2026-4-5\">5<\/td><\/tr><tr><td class=\"day-with-date week-start no-events\" data-date=\"2026-4-6\">6<\/td><td class=\"day-with-date no-events\" data-date=\"2026-4-7\">7<\/td><td class=\"day-with-date no-events\" data-date=\"2026-4-8\">8<\/td><td class=\"day-with-date no-events\" data-date=\"2026-4-9\">9<\/td><td class=\"day-with-date no-events\" data-date=\"2026-4-10\">10<\/td><td class=\"day-with-date weekend no-events\" data-date=\"2026-4-11\">11<\/td><td class=\"day-with-date weekend no-events\" data-date=\"2026-4-12\">12<\/td><\/tr><tr><td class=\"day-with-date week-start no-events\" data-date=\"2026-4-13\">13<\/td><td class=\"day-with-date no-events\" data-date=\"2026-4-14\">14<\/td><td class=\"day-with-date no-events\" data-date=\"2026-4-15\">15<\/td><td class=\"day-with-date no-events\" data-date=\"2026-4-16\">16<\/td><td class=\"day-with-date no-events\" data-date=\"2026-4-17\">17<\/td><td class=\"day-with-date weekend no-events\" data-date=\"2026-4-18\">18<\/td><td class=\"day-with-date weekend no-events\" data-date=\"2026-4-19\">19<\/td><\/tr><tr><td class=\"day-with-date week-start no-events\" data-date=\"2026-4-20\">20<\/td><td class=\"day-with-date no-events\" data-date=\"2026-4-21\">21<\/td><td class=\"day-with-date no-events\" data-date=\"2026-4-22\">22<\/td><td class=\"day-with-date no-events\" data-date=\"2026-4-23\">23<\/td><td class=\"day-with-date no-events\" data-date=\"2026-4-24\">24<\/td><td class=\"day-with-date weekend no-events\" data-date=\"2026-4-25\">25<\/td><td class=\"day-with-date weekend no-events\" data-date=\"2026-4-26\">26<\/td><\/tr><tr><td class=\"day-with-date week-start no-events\" data-date=\"2026-4-27\">27<\/td><td class=\"day-with-date no-events\" data-date=\"2026-4-28\">28<\/td><td class=\"day-with-date no-events\" data-date=\"2026-4-29\">29<\/td><td class=\"day-with-date current-day no-events\" data-date=\"2026-4-30\">30<\/td><td class=\"day-without-date no-events\" data-date=\"\">&nbsp;<\/td><td class=\"day-without-date no-events\" data-date=\"\">&nbsp;<\/td><td class=\"day-without-date no-events\" data-date=\"\">&nbsp;<\/td><\/tr><\/table><\/div><div class=\"ecwd-events-day-details\"><\/div><input type=\"hidden\" class=\"event_search\" value=\"yes\"\/><input type=\"hidden\" class=\"ecwd_page_items\" value=\"5\"\/><div class=\"ecwd_loader\"><\/div><div class=\"single_event_popup\"><\/div><\/div><\/div><script id=\"ecwd_script_handler\" type=\"text\/javascript\">if(typeof ecwd_js_init_call==\"object\"){ecwd_js_init_call = new ecwd_js_init();}<\/script><\/div><!-- \/Widget Shortcode -->\n<\/div>\n<\/div>\n","protected":false},"excerpt":{"rendered":"<p class=\"excerpt\">La cultura es una de las competencias pertenecientes a las Comarcas, y desde la Comarca de la Comunidad de Calatayud se pretende dinamizar las actividades culturales en todos sus municipios, independientemente del n\u00famero de habitantes o las caracter\u00edsticas de estos, intentando llegar cada a\u00f1o a un mayor n\u00famero de poblaci\u00f3n.Para la promoci\u00f3n de la Cultura [&hellip;]<\/p>\n","protected":false},"author":1,"featured_media":0,"parent":2935,"menu_order":1,"comment_status":"closed","ping_status":"closed","template":"","meta":{"footnotes":""},"class_list":["post-2944","page","type-page","status-publish","hentry"],"_links":{"self":[{"href":"https:\/\/www.comunidadcalatayud.com\/index.php\/wp-json\/wp\/v2\/pages\/2944","targetHints":{"allow":["GET"]}}],"collection":[{"href":"https:\/\/www.comunidadcalatayud.com\/index.php\/wp-json\/wp\/v2\/pages"}],"about":[{"href":"https:\/\/www.comunidadcalatayud.com\/index.php\/wp-json\/wp\/v2\/types\/page"}],"author":[{"embeddable":true,"href":"https:\/\/www.comunidadcalatayud.com\/index.php\/wp-json\/wp\/v2\/users\/1"}],"replies":[{"embeddable":true,"href":"https:\/\/www.comunidadcalatayud.com\/index.php\/wp-json\/wp\/v2\/comments?post=2944"}],"version-history":[{"count":17,"href":"https:\/\/www.comunidadcalatayud.com\/index.php\/wp-json\/wp\/v2\/pages\/2944\/revisions"}],"predecessor-version":[{"id":7851,"href":"https:\/\/www.comunidadcalatayud.com\/index.php\/wp-json\/wp\/v2\/pages\/2944\/revisions\/7851"}],"up":[{"embeddable":true,"href":"https:\/\/www.comunidadcalatayud.com\/index.php\/wp-json\/wp\/v2\/pages\/2935"}],"wp:attachment":[{"href":"https:\/\/www.comunidadcalatayud.com\/index.php\/wp-json\/wp\/v2\/media?parent=2944"}],"curies":[{"name":"wp","href":"https:\/\/api.w.org\/{rel}","templated":true}]}}